{"id":285329,"date":"2026-04-29T17:38:21","date_gmt":"2026-04-29T15:38:21","guid":{"rendered":"https:\/\/www.photomuseum.de\/?post_type=project&#038;p=285329"},"modified":"2026-04-29T17:49:41","modified_gmt":"2026-04-29T15:49:41","slug":"kaethe-buchler-zum-150-geburtstag","status":"publish","type":"project","link":"https:\/\/www.photomuseum.de\/index.php\/project\/kaethe-buchler-zum-150-geburtstag\/","title":{"rendered":"Menschen und Bilder. K\u00e4the Buchler zum 150. Geburtstag"},"content":{"rendered":"<p>[et_pb_section fb_built=&#8220;1&#8243; _builder_version=&#8220;4.25.0&#8243; _module_preset=&#8220;default&#8220; global_colors_info=&#8220;{}&#8220;][et_pb_row _builder_version=&#8220;4.27.6&#8243; _module_preset=&#8220;default&#8220; custom_margin=&#8220;||0px||false|false&#8220; custom_padding=&#8220;||||false|false&#8220; global_colors_info=&#8220;{}&#8220;][et_pb_column type=&#8220;4_4&#8243; _builder_version=&#8220;4.25.0&#8243; _module_preset=&#8220;default&#8220; global_colors_info=&#8220;{}&#8220;][et_pb_text admin_label=&#8220;Titel&#8220; _builder_version=&#8220;4.27.6&#8243; _module_preset=&#8220;default&#8220; header_font=&#8220;NHaasGrotest|600|||||||&#8220; header_font_size=&#8220;32px&#8220; header_line_height=&#8220;1.4em&#8220; custom_margin=&#8220;||0px||false|false&#8220; custom_padding=&#8220;||0px||false|false&#8220; global_colors_info=&#8220;{}&#8220;]<\/p>\n<h2><strong>Menschen und Bilder. K\u00e4the Buchler zum 150. Geburtstag<\/strong><\/h2>\n<p>[\/et_pb_text][et_pb_text admin_label=&#8220;Untertitel&#8220; _builder_version=&#8220;4.27.6&#8243; _module_preset=&#8220;default&#8220; text_font=&#8220;NHaasGrotest|600|||||||&#8220; header_font=&#8220;Questrial Regular||||||||&#8220; header_line_height=&#8220;1.4em&#8220; custom_margin=&#8220;||5px||false|false&#8220; global_colors_info=&#8220;{}&#8220;]<\/p>\n<p><strong>Eine Fotografin aus Braunschweig \u2013 neue Aspekte zum Werk<\/strong><\/p>\n<p>[\/et_pb_text][et_pb_text admin_label=&#8220;Zeit und Kuration&#8220; _builder_version=&#8220;4.27.6&#8243; _module_preset=&#8220;default&#8220; text_font=&#8220;NHaasGrotest||||||||&#8220; header_font=&#8220;Questrial Regular||||||||&#8220; header_line_height=&#8220;1.4em&#8220; custom_margin=&#8220;5px||||false|false&#8220; custom_padding=&#8220;||||false|false&#8220; global_colors_info=&#8220;{}&#8220;]<\/p>\n<p>03.10. \u2013 05.12.2026 \/ Er\u00f6ffnung 02.10.2026<\/p>\n<p>[\/et_pb_text][et_pb_divider _builder_version=&#8220;4.25.0&#8243; _module_preset=&#8220;default&#8220; global_colors_info=&#8220;{}&#8220;][\/et_pb_divider][\/et_pb_column][\/et_pb_row][et_pb_row column_structure=&#8220;2_5,3_5&#8243; use_custom_gutter=&#8220;on&#8220; make_equal=&#8220;on&#8220; _builder_version=&#8220;4.25.0&#8243; _module_preset=&#8220;default&#8220; custom_margin=&#8220;0px||||false|false&#8220; custom_padding=&#8220;0px||||false|false&#8220; global_colors_info=&#8220;{}&#8220;][et_pb_column type=&#8220;2_5&#8243; _builder_version=&#8220;4.25.0&#8243; _module_preset=&#8220;default&#8220; global_colors_info=&#8220;{}&#8220;][et_pb_image src=&#8220;https:\/\/www.photomuseum.de\/wp-content\/uploads\/2026\/03\/Kaethe-Buchler-Selbstportraet-um-1905-\u00a9-Nachlass-Estate-Kaethe-Buchler.jpg&#8220; alt=&#8220;Ommo Wille, aus der Serie: Zwischenzeit, bei Harbke, 1992 \u00a9 Nachlass\/Estate \u2013 Sammlung Museum f\u00fcr Photographie Braunschweig&#8220; title_text=&#8220;K\u00e4the Buchler, Selbstportr\u00e4t, um 1905 \u00a9 Nachlass, Estate K\u00e4the Buchler&#8220; show_in_lightbox=&#8220;on&#8220; _builder_version=&#8220;4.27.6&#8243; _module_preset=&#8220;default&#8220; custom_margin=&#8220;||10px||false|false&#8220; custom_padding=&#8220;||||false|false&#8220; border_radii=&#8220;on|3px|3px|3px|3px&#8220; global_colors_info=&#8220;{}&#8220;][\/et_pb_image][et_pb_text admin_label=&#8220;Bildunterschrift&#8220; _builder_version=&#8220;4.27.6&#8243; _module_preset=&#8220;default&#8220; text_font_size=&#8220;14px&#8220; text_line_height=&#8220;1.4em&#8220; global_colors_info=&#8220;{}&#8220;]<\/p>\n<p><em>K\u00e4the Buchler, Selbstportr\u00e4t, um 1905 \u00a9 Nachlass\/Estate K\u00e4the Buchler \u2013 Sammlung Museum f\u00fcr Photographie Braunschweig \/ Depositum Stadtarchiv Braunschweig<\/em><\/p>\n<p>[\/et_pb_text][\/et_pb_column][et_pb_column type=&#8220;3_5&#8243; _builder_version=&#8220;4.25.0&#8243; _module_preset=&#8220;default&#8220; global_colors_info=&#8220;{}&#8220;][et_pb_text _builder_version=&#8220;4.27.6&#8243; _module_preset=&#8220;default&#8220; text_text_color=&#8220;#000000&#8243; global_colors_info=&#8220;{}&#8220;][\/et_pb_text][\/et_pb_column][\/et_pb_row][et_pb_row admin_label=&#8220;Abstandhalter&#8220; _builder_version=&#8220;4.27.5&#8243; _module_preset=&#8220;default&#8220; global_colors_info=&#8220;{}&#8220;][et_pb_column type=&#8220;4_4&#8243; _builder_version=&#8220;4.27.5&#8243; _module_preset=&#8220;default&#8220; global_colors_info=&#8220;{}&#8220;][et_pb_text admin_label=&#8220;Abstand 30px&#8220; _builder_version=&#8220;4.27.5&#8243; _module_preset=&#8220;default&#8220; custom_margin=&#8220;30px||||false|false&#8220; global_colors_info=&#8220;{}&#8220;][\/et_pb_text][\/et_pb_column][\/et_pb_row][\/et_pb_section]<\/p>\n","protected":false},"excerpt":{"rendered":"<p>Menschen und Bilder. K\u00e4the Buchler zum 150. GeburtstagEine Fotografin aus Braunschweig \u2013 neue Aspekte zum Werk03.10. \u2013 05.12.2026 \/ Er\u00f6ffnung 02.10.2026K\u00e4the Buchler, Selbstportr\u00e4t, um 1905 \u00a9 Nachlass\/Estate K\u00e4the Buchler \u2013 Sammlung Museum f\u00fcr Photographie Braunschweig \/ Depositum Stadtarchiv Braunschweig<\/p>\n","protected":false},"author":4,"featured_media":0,"comment_status":"open","ping_status":"closed","template":"","meta":{"_et_pb_use_builder":"on","_et_pb_old_content":"","_et_gb_content_width":"","footnotes":""},"project_category":[],"project_tag":[],"class_list":["post-285329","project","type-project","status-publish","hentry"],"yoast_head":"<!-- This site is optimized with the Yoast SEO plugin v27.4 - https:\/\/yoast.com\/product\/yoast-seo-wordpress\/ -->\n<title>Museum f\u00fcr Photographie Braunschweig - Menschen und Bilder. K\u00e4the Buchler zum 150. Geburtstag<\/title>\n<meta name=\"robots\" content=\"index, follow, max-snippet:-1, max-image-preview:large, max-video-preview:-1\" \/>\n<link rel=\"canonical\" href=\"https:\/\/www.photomuseum.de\/index.php\/project\/kaethe-buchler-zum-150-geburtstag\/\" \/>\n<meta property=\"og:locale\" content=\"de_DE\" \/>\n<meta property=\"og:type\" content=\"article\" \/>\n<meta property=\"og:title\" content=\"Museum f\u00fcr Photographie Braunschweig - Menschen und Bilder. K\u00e4the Buchler zum 150. Geburtstag\" \/>\n<meta property=\"og:description\" content=\"Menschen und Bilder. K\u00e4the Buchler zum 150. GeburtstagEine Fotografin aus Braunschweig \u2013 neue Aspekte zum Werk03.10. \u2013 05.12.2026 \/ Er\u00f6ffnung 02.10.2026K\u00e4the Buchler, Selbstportr\u00e4t, um 1905 \u00a9 Nachlass\/Estate K\u00e4the Buchler \u2013 Sammlung Museum f\u00fcr Photographie Braunschweig \/ Depositum Stadtarchiv Braunschweig\" \/>\n<meta property=\"og:url\" content=\"https:\/\/www.photomuseum.de\/index.php\/project\/kaethe-buchler-zum-150-geburtstag\/\" \/>\n<meta property=\"og:site_name\" content=\"Museum f\u00fcr Photographie Braunschweig\" \/>\n<meta property=\"article:publisher\" content=\"https:\/\/www.facebook.com\/museumfuerphotographie.bs\" \/>\n<meta property=\"article:modified_time\" content=\"2026-04-29T15:49:41+00:00\" \/>\n<meta name=\"twitter:card\" content=\"summary_large_image\" \/>\n<meta name=\"twitter:label1\" content=\"Gesch\u00e4tzte Lesezeit\" \/>\n\t<meta name=\"twitter:data1\" content=\"1\u00a0Minute\" \/>\n<script type=\"application\/ld+json\" class=\"yoast-schema-graph\">{\"@context\":\"https:\\\/\\\/schema.org\",\"@graph\":[{\"@type\":\"WebPage\",\"@id\":\"https:\\\/\\\/www.photomuseum.de\\\/index.php\\\/project\\\/kaethe-buchler-zum-150-geburtstag\\\/\",\"url\":\"https:\\\/\\\/www.photomuseum.de\\\/index.php\\\/project\\\/kaethe-buchler-zum-150-geburtstag\\\/\",\"name\":\"Museum f\u00fcr Photographie Braunschweig - Menschen und Bilder. K\u00e4the Buchler zum 150. Geburtstag\",\"isPartOf\":{\"@id\":\"https:\\\/\\\/www.photomuseum.de\\\/#website\"},\"datePublished\":\"2026-04-29T15:38:21+00:00\",\"dateModified\":\"2026-04-29T15:49:41+00:00\",\"breadcrumb\":{\"@id\":\"https:\\\/\\\/www.photomuseum.de\\\/index.php\\\/project\\\/kaethe-buchler-zum-150-geburtstag\\\/#breadcrumb\"},\"inLanguage\":\"de\",\"potentialAction\":[{\"@type\":\"ReadAction\",\"target\":[\"https:\\\/\\\/www.photomuseum.de\\\/index.php\\\/project\\\/kaethe-buchler-zum-150-geburtstag\\\/\"]}]},{\"@type\":\"BreadcrumbList\",\"@id\":\"https:\\\/\\\/www.photomuseum.de\\\/index.php\\\/project\\\/kaethe-buchler-zum-150-geburtstag\\\/#breadcrumb\",\"itemListElement\":[{\"@type\":\"ListItem\",\"position\":1,\"name\":\"Start\",\"item\":\"https:\\\/\\\/www.photomuseum.de\\\/\"},{\"@type\":\"ListItem\",\"position\":2,\"name\":\"Projekte\",\"item\":\"https:\\\/\\\/www.photomuseum.de\\\/index.php\\\/project\\\/\"},{\"@type\":\"ListItem\",\"position\":3,\"name\":\"Menschen und Bilder. K\u00e4the Buchler zum 150. Geburtstag\"}]},{\"@type\":\"WebSite\",\"@id\":\"https:\\\/\\\/www.photomuseum.de\\\/#website\",\"url\":\"https:\\\/\\\/www.photomuseum.de\\\/\",\"name\":\"Museum f\u00fcr Photographie Braunschweig\",\"description\":\"\",\"publisher\":{\"@id\":\"https:\\\/\\\/www.photomuseum.de\\\/#organization\"},\"potentialAction\":[{\"@type\":\"SearchAction\",\"target\":{\"@type\":\"EntryPoint\",\"urlTemplate\":\"https:\\\/\\\/www.photomuseum.de\\\/?s={search_term_string}\"},\"query-input\":{\"@type\":\"PropertyValueSpecification\",\"valueRequired\":true,\"valueName\":\"search_term_string\"}}],\"inLanguage\":\"de\"},{\"@type\":\"Organization\",\"@id\":\"https:\\\/\\\/www.photomuseum.de\\\/#organization\",\"name\":\"Museum f\u00fcr Photographie Braunschweig\",\"url\":\"https:\\\/\\\/www.photomuseum.de\\\/\",\"logo\":{\"@type\":\"ImageObject\",\"inLanguage\":\"de\",\"@id\":\"https:\\\/\\\/www.photomuseum.de\\\/#\\\/schema\\\/logo\\\/image\\\/\",\"url\":\"https:\\\/\\\/www.photomuseum.de\\\/wp-content\\\/uploads\\\/2026\\\/02\\\/Photomuseum-Logo.png\",\"contentUrl\":\"https:\\\/\\\/www.photomuseum.de\\\/wp-content\\\/uploads\\\/2026\\\/02\\\/Photomuseum-Logo.png\",\"width\":2099,\"height\":349,\"caption\":\"Museum f\u00fcr Photographie Braunschweig\"},\"image\":{\"@id\":\"https:\\\/\\\/www.photomuseum.de\\\/#\\\/schema\\\/logo\\\/image\\\/\"},\"sameAs\":[\"https:\\\/\\\/www.facebook.com\\\/museumfuerphotographie.bs\",\"https:\\\/\\\/www.instagram.com\\\/museumfuerphotographie_bs\\\/\"]}]}<\/script>\n<!-- \/ Yoast SEO plugin. -->","yoast_head_json":{"title":"Museum f\u00fcr Photographie Braunschweig - Menschen und Bilder. K\u00e4the Buchler zum 150. Geburtstag","robots":{"index":"index","follow":"follow","max-snippet":"max-snippet:-1","max-image-preview":"max-image-preview:large","max-video-preview":"max-video-preview:-1"},"canonical":"https:\/\/www.photomuseum.de\/index.php\/project\/kaethe-buchler-zum-150-geburtstag\/","og_locale":"de_DE","og_type":"article","og_title":"Museum f\u00fcr Photographie Braunschweig - Menschen und Bilder. K\u00e4the Buchler zum 150. Geburtstag","og_description":"Menschen und Bilder. K\u00e4the Buchler zum 150. GeburtstagEine Fotografin aus Braunschweig \u2013 neue Aspekte zum Werk03.10. \u2013 05.12.2026 \/ Er\u00f6ffnung 02.10.2026K\u00e4the Buchler, Selbstportr\u00e4t, um 1905 \u00a9 Nachlass\/Estate K\u00e4the Buchler \u2013 Sammlung Museum f\u00fcr Photographie Braunschweig \/ Depositum Stadtarchiv Braunschweig","og_url":"https:\/\/www.photomuseum.de\/index.php\/project\/kaethe-buchler-zum-150-geburtstag\/","og_site_name":"Museum f\u00fcr Photographie Braunschweig","article_publisher":"https:\/\/www.facebook.com\/museumfuerphotographie.bs","article_modified_time":"2026-04-29T15:49:41+00:00","twitter_card":"summary_large_image","twitter_misc":{"Gesch\u00e4tzte Lesezeit":"1\u00a0Minute"},"schema":{"@context":"https:\/\/schema.org","@graph":[{"@type":"WebPage","@id":"https:\/\/www.photomuseum.de\/index.php\/project\/kaethe-buchler-zum-150-geburtstag\/","url":"https:\/\/www.photomuseum.de\/index.php\/project\/kaethe-buchler-zum-150-geburtstag\/","name":"Museum f\u00fcr Photographie Braunschweig - Menschen und Bilder. K\u00e4the Buchler zum 150. Geburtstag","isPartOf":{"@id":"https:\/\/www.photomuseum.de\/#website"},"datePublished":"2026-04-29T15:38:21+00:00","dateModified":"2026-04-29T15:49:41+00:00","breadcrumb":{"@id":"https:\/\/www.photomuseum.de\/index.php\/project\/kaethe-buchler-zum-150-geburtstag\/#breadcrumb"},"inLanguage":"de","potentialAction":[{"@type":"ReadAction","target":["https:\/\/www.photomuseum.de\/index.php\/project\/kaethe-buchler-zum-150-geburtstag\/"]}]},{"@type":"BreadcrumbList","@id":"https:\/\/www.photomuseum.de\/index.php\/project\/kaethe-buchler-zum-150-geburtstag\/#breadcrumb","itemListElement":[{"@type":"ListItem","position":1,"name":"Start","item":"https:\/\/www.photomuseum.de\/"},{"@type":"ListItem","position":2,"name":"Projekte","item":"https:\/\/www.photomuseum.de\/index.php\/project\/"},{"@type":"ListItem","position":3,"name":"Menschen und Bilder. K\u00e4the Buchler zum 150. Geburtstag"}]},{"@type":"WebSite","@id":"https:\/\/www.photomuseum.de\/#website","url":"https:\/\/www.photomuseum.de\/","name":"Museum f\u00fcr Photographie Braunschweig","description":"","publisher":{"@id":"https:\/\/www.photomuseum.de\/#organization"},"potentialAction":[{"@type":"SearchAction","target":{"@type":"EntryPoint","urlTemplate":"https:\/\/www.photomuseum.de\/?s={search_term_string}"},"query-input":{"@type":"PropertyValueSpecification","valueRequired":true,"valueName":"search_term_string"}}],"inLanguage":"de"},{"@type":"Organization","@id":"https:\/\/www.photomuseum.de\/#organization","name":"Museum f\u00fcr Photographie Braunschweig","url":"https:\/\/www.photomuseum.de\/","logo":{"@type":"ImageObject","inLanguage":"de","@id":"https:\/\/www.photomuseum.de\/#\/schema\/logo\/image\/","url":"https:\/\/www.photomuseum.de\/wp-content\/uploads\/2026\/02\/Photomuseum-Logo.png","contentUrl":"https:\/\/www.photomuseum.de\/wp-content\/uploads\/2026\/02\/Photomuseum-Logo.png","width":2099,"height":349,"caption":"Museum f\u00fcr Photographie Braunschweig"},"image":{"@id":"https:\/\/www.photomuseum.de\/#\/schema\/logo\/image\/"},"sameAs":["https:\/\/www.facebook.com\/museumfuerphotographie.bs","https:\/\/www.instagram.com\/museumfuerphotographie_bs\/"]}]}},"_links":{"self":[{"href":"https:\/\/www.photomuseum.de\/index.php\/wp-json\/wp\/v2\/project\/285329","targetHints":{"allow":["GET"]}}],"collection":[{"href":"https:\/\/www.photomuseum.de\/index.php\/wp-json\/wp\/v2\/project"}],"about":[{"href":"https:\/\/www.photomuseum.de\/index.php\/wp-json\/wp\/v2\/types\/project"}],"author":[{"embeddable":true,"href":"https:\/\/www.photomuseum.de\/index.php\/wp-json\/wp\/v2\/users\/4"}],"replies":[{"embeddable":true,"href":"https:\/\/www.photomuseum.de\/index.php\/wp-json\/wp\/v2\/comments?post=285329"}],"version-history":[{"count":7,"href":"https:\/\/www.photomuseum.de\/index.php\/wp-json\/wp\/v2\/project\/285329\/revisions"}],"predecessor-version":[{"id":285343,"href":"https:\/\/www.photomuseum.de\/index.php\/wp-json\/wp\/v2\/project\/285329\/revisions\/285343"}],"wp:attachment":[{"href":"https:\/\/www.photomuseum.de\/index.php\/wp-json\/wp\/v2\/media?parent=285329"}],"wp:term":[{"taxonomy":"project_category","embeddable":true,"href":"https:\/\/www.photomuseum.de\/index.php\/wp-json\/wp\/v2\/project_category?post=285329"},{"taxonomy":"project_tag","embeddable":true,"href":"https:\/\/www.photomuseum.de\/index.php\/wp-json\/wp\/v2\/project_tag?post=285329"}],"curies":[{"name":"wp","href":"https:\/\/api.w.org\/{rel}","templated":true}]}}