{"id":286711,"date":"2026-06-15T22:54:19","date_gmt":"2026-06-15T20:54:19","guid":{"rendered":"https:\/\/www.photomuseum.de\/?page_id=286711"},"modified":"2026-08-18T22:45:04","modified_gmt":"2026-08-18T20:45:04","slug":"kaethe-buchler-heute","status":"publish","type":"page","link":"https:\/\/www.photomuseum.de\/index.php\/kaethe-buchler-heute\/","title":{"rendered":"K\u00e4the Buchler heute"},"content":{"rendered":"<p>[et_pb_section fb_built=&#8220;1&#8243; _builder_version=&#8220;4.25.0&#8243; _module_preset=&#8220;default&#8220; global_colors_info=&#8220;{}&#8220;][et_pb_row _builder_version=&#8220;4.27.6&#8243; _module_preset=&#8220;default&#8220; custom_margin=&#8220;||0px||false|false&#8220; custom_padding=&#8220;||||false|false&#8220; global_colors_info=&#8220;{}&#8220;][et_pb_column type=&#8220;4_4&#8243; _builder_version=&#8220;4.25.0&#8243; _module_preset=&#8220;default&#8220; global_colors_info=&#8220;{}&#8220;][et_pb_text admin_label=&#8220;Titel&#8220; _builder_version=&#8220;4.27.7&#8243; _module_preset=&#8220;default&#8220; header_font=&#8220;NHaasGrotest|600|||||||&#8220; header_font_size=&#8220;32px&#8220; header_line_height=&#8220;1.4em&#8220; custom_margin=&#8220;||0px||false|false&#8220; custom_padding=&#8220;||0px||false|false&#8220; global_colors_info=&#8220;{}&#8220;]<\/p>\n<h2><strong>K\u00e4the Buchler heute \u2013 Aus Abfall wird Kunst<\/strong><\/h2>\n<p>[\/et_pb_text][et_pb_text admin_label=&#8220;Untertitel&#8220; _builder_version=&#8220;4.27.6&#8243; _module_preset=&#8220;default&#8220; text_font=&#8220;NHaasGrotest|600|||||||&#8220; header_font=&#8220;Questrial Regular||||||||&#8220; header_line_height=&#8220;1.4em&#8220; header_3_font_size=&#8220;24px&#8220; custom_margin=&#8220;||5px||false|false&#8220; global_colors_info=&#8220;{}&#8220;]<\/p>\n<p><strong>Sonderausstellung mit Arbeiten von Kindern und Jugendlichen zum Thema M\u00fcll-Sammeln und Up-Cyclen<\/strong><\/p>\n<p>[\/et_pb_text][et_pb_text admin_label=&#8220;Zeit und Kuration&#8220; _builder_version=&#8220;4.27.6&#8243; _module_preset=&#8220;default&#8220; text_font=&#8220;NHaasGrotest||||||||&#8220; header_font=&#8220;Questrial Regular||||||||&#8220; header_line_height=&#8220;1.4em&#8220; custom_margin=&#8220;5px||||false|false&#8220; custom_padding=&#8220;||||false|false&#8220; global_colors_info=&#8220;{}&#8220;]<\/p>\n<p>Er\u00f6ffnung 10.09.2026 \/ Braunschweigische Landessparkasse, Filiale Dankwardstra\u00dfe<\/p>\n<p>[\/et_pb_text][et_pb_divider _builder_version=&#8220;4.25.0&#8243; _module_preset=&#8220;default&#8220; global_colors_info=&#8220;{}&#8220;][\/et_pb_divider][\/et_pb_column][\/et_pb_row][et_pb_row column_structure=&#8220;2_5,3_5&#8243; use_custom_gutter=&#8220;on&#8220; make_equal=&#8220;on&#8220; _builder_version=&#8220;4.25.0&#8243; _module_preset=&#8220;default&#8220; custom_margin=&#8220;0px||||false|false&#8220; custom_padding=&#8220;0px||||false|false&#8220; global_colors_info=&#8220;{}&#8220;][et_pb_column type=&#8220;2_5&#8243; _builder_version=&#8220;4.25.0&#8243; _module_preset=&#8220;default&#8220; global_colors_info=&#8220;{}&#8220;][et_pb_image src=&#8220;https:\/\/www.photomuseum.de\/wp-content\/uploads\/2026\/02\/Sammlung-SoMe.jpg&#8220; alt=&#8220;K\u00e4the Buchler, Kinder stehen an, um Glasflaschen abzugeben, 1915 \u00a9 Nachlass\/Estate K\u00e4the Buchler \u2013 Sammlung Museum f\u00fcr Photographie Braunschweig \/ Depositum Stadtarchiv Braunschweig&#8220; title_text=&#8220;K\u00e4the Buchler, Kinder stehen an, um Glasflaschen abzugeben, 1915 \u00a9 Nachlass\/Estate K\u00e4the Buchler \u2013 Sammlung Museum f\u00fcr Photographie Braunschweig \/ Depositum Stadtarchiv Braunschweig&#8220; show_in_lightbox=&#8220;on&#8220; _builder_version=&#8220;4.27.6&#8243; _module_preset=&#8220;default&#8220; custom_margin=&#8220;||10px||false|false&#8220; custom_padding=&#8220;||||false|false&#8220; border_radii=&#8220;on|3px|3px|3px|3px&#8220; global_colors_info=&#8220;{}&#8220;][\/et_pb_image][et_pb_text admin_label=&#8220;Bildunterschrift&#8220; _builder_version=&#8220;4.27.6&#8243; _module_preset=&#8220;default&#8220; text_font_size=&#8220;14px&#8220; text_line_height=&#8220;1.4em&#8220; global_colors_info=&#8220;{}&#8220;]<\/p>\n<p><em>K\u00e4the Buchler, Kinder stehen an, um Glasflaschen abzugeben, 1915 \u00a9 Nachlass\/Estate K\u00e4the Buchler\u00a0\u2013 Sammlung Museum f\u00fcr Photographie Braunschweig \/ Depositum Stadtarchiv Braunschweig<\/em><\/p>\n<p>[\/et_pb_text][et_pb_image src=&#8220;https:\/\/www.photomuseum.de\/wp-content\/uploads\/2026\/08\/web_4_Schulkindbetreuung_Fotoworkshop_TamaraEckhardt.jpg&#8220; alt=&#8220;Verspielt, Fotografie von Kindern aus dem Fotoworkshop mit der Schulkindbetreuung Morgenstern im Fotomuseum Braunschweig, 2026<br \/>\n\u00a9 Tamara Eckhardt \/ Museum f\u00fcr Photographie Braunschweig&#8220; title_text=&#8220;Verspielt, Fotografie von Kindern aus dem Fotoworkshop mit der Schulkindbetreuung Morgenstern im Fotomuseum Braunschweig, 2026  \u00a9 Tamara Eckhardt \/ Museum f\u00fcr Photographie Braunschweig&#8220; show_in_lightbox=&#8220;on&#8220; _builder_version=&#8220;4.27.7&#8243; _module_preset=&#8220;default&#8220; custom_margin=&#8220;||10px||false|false&#8220; custom_padding=&#8220;||||false|false&#8220; border_radii=&#8220;on|3px|3px|3px|3px&#8220; global_colors_info=&#8220;{}&#8220;][\/et_pb_image][et_pb_text admin_label=&#8220;Bildunterschrift&#8220; _builder_version=&#8220;4.27.7&#8243; _module_preset=&#8220;default&#8220; text_font_size=&#8220;14px&#8220; text_line_height=&#8220;1.4em&#8220; global_colors_info=&#8220;{}&#8220;]<\/p>\n<p>\u200b<em>Verspielt, Fotografie von Kindern aus dem Fotoworkshop mit der Schulkindbetreuung Morgenstern im Museum f\u00fcr Photographie Braunschweig, 2026 \u00a9 Tamara Eckhardt \/ Museum f\u00fcr Photographie Braunschweig<\/em><\/p>\n<p>[\/et_pb_text][et_pb_image src=&#8220;https:\/\/www.photomuseum.de\/wp-content\/uploads\/2026\/08\/web_5_Welt-Ergruender_Maria-Caroline-S.-Shahad-Lahmouni_Presse.jpg&#8220; alt=&#8220;Maria Caroline S. &#038; Shahad Lahmouni, Welt Ergr\u00fcnder, 2026, Aufnahmeort und Material: Museum f\u00fcr textile Kunst \u00a9 Christian Retschlag \/ Museum f\u00fcr Photographie &#8220; title_text=&#8220;Maria Caroline S. &#038; Shahad Lahmouni, Welt Ergr\u00fcnder, 2026, Aufnahmeort und Material: Museum f\u00fcr textile Kunst \u00a9 Christian Retschlag \/ Museum f\u00fcr Photographie&#8220; show_in_lightbox=&#8220;on&#8220; _builder_version=&#8220;4.27.7&#8243; _module_preset=&#8220;default&#8220; custom_margin=&#8220;||10px||false|false&#8220; custom_padding=&#8220;||||false|false&#8220; border_radii=&#8220;on|3px|3px|3px|3px&#8220; global_colors_info=&#8220;{}&#8220;][\/et_pb_image][et_pb_text admin_label=&#8220;Bildunterschrift&#8220; _builder_version=&#8220;4.27.7&#8243; _module_preset=&#8220;default&#8220; text_font_size=&#8220;14px&#8220; text_line_height=&#8220;1.4em&#8220; global_colors_info=&#8220;{}&#8220;]<\/p>\n<p><em>Maria Caroline S. &amp; Shahad Lahmouni, Welt Ergr\u00fcnder, 2026, Aufnahmeort und Material: Museum f\u00fcr textile Kunst \u00a9 Christian Retschlag \/ Museum f\u00fcr Photographie Braunschweig<\/em><\/p>\n<p>[\/et_pb_text][\/et_pb_column][et_pb_column type=&#8220;3_5&#8243; _builder_version=&#8220;4.25.0&#8243; _module_preset=&#8220;default&#8220; global_colors_info=&#8220;{}&#8220;][et_pb_text _builder_version=&#8220;4.27.7&#8243; _module_preset=&#8220;default&#8220; text_text_color=&#8220;#000000&#8243; hover_enabled=&#8220;0&#8243; global_colors_info=&#8220;{}&#8220; sticky_enabled=&#8220;0&#8243;]<\/p>\n<p>Im Jahr 2026 feiert das Museum f\u00fcr Photographie Braunschweig den 150. Geburtstag der Braunschweiger Fotografin K\u00e4the Buchler (11.10.1876\u201314.09.1930), deren Nachlass sich seit 2003 in der Sammlung des Museums befindet und zu gro\u00dfen Teilen als Depositum im Stadtarchiv Braunschweig aufbewahrt wird. Zum Nachlass geh\u00f6ren etwa 1000 Glasnegative, ca. 240 Autochrome, Diapositive, Alben, Vintageprints und Archivalien. Das Museum f\u00fcr Photographie hat das Werk von K\u00e4the Buchler in den letzten Jahren umfangreich erforscht und bereits verschiedene Projekte realisiert. Das Jubil\u00e4um nehmen wir zum Anlass, Buchlers Werk facettenreich zu feiern und vorzustellen: Mit einer gro\u00dfen Ausstellungser\u00f6ffnung am 2. Oktober und der Einweihung des K\u00e4the-Buchler-Platzes. Den Auftakt hierzu macht das Ausstellungsprojekt <strong>K\u00e4the Buchler heute \u2013 Aus Abfall wird Kunst, <\/strong>das unter der Beteiligung von Kindern und Jugendlichen und in Kooperation mit namhaften Fotograf*innen entsteht.<\/p>\n<p>K\u00e4the Buchler konzentrierte sich in ihrer Fotografie w\u00e4hrend des Ersten Weltkrieges mit besonderem gestalterischen und kompositorischen Blick auf die Arbeit karitativer und sozialer Einrichtungen. Stets verband sie bildnerische Blicke mit individueller Dokumentation. Hierzu z\u00e4hlen auch die Aufnahmen, die sie 1915 f\u00fcr die Abfallverwertungsgesellschaft in Braunschweig (AVG) machte. Sie zeigen Kinder bei gemeinsamen Abfallsammelaktionen. Ihre Bilder verdeutlichen, dass Themen wie Verantwortung, Ressourcenschonung und gesellschaftlicher Zusammenhalt Generationen verbinden kann. Heute sind Buchlers Fotografien unter anderen Vorzeichen immer noch aktuell: Dies zeigen gemeinsame Aktionen wie der Stadtputz in Braunschweig, der dieses Jahr am 6. und 7. M\u00e4rz zum wiederholten Male stattfand.<\/p>\n<p>Das Museum f\u00fcr Photographie nimmt Buchlers Fotografien und den 150. Geburtstag zum Anlass f\u00fcr ein gemeinsames Projekt mit Kindern und Jugendlichen. Im Rahmen mehrerer Workshops, die von den renommierten Fotograf*innen <strong>Tamara Eckhardt<\/strong>, <strong>G\u00f6ran Gnaudschun<\/strong>, <strong>Catherine Peter<\/strong> und <strong>Christian Retschlag<\/strong> geleitet werden, setzen sich die Teilnehmer*innen kreativ mit den Themen Abfall, Nachhaltigkeit und gesellschaftlicher Verantwortung auseinander. Dabei entstehen eigene fotografische Arbeiten und Kunstobjekte.<\/p>\n<p>Besonderes Highlight: Die entstandenen Werke werden ab dem 10. September 2026 in einer Ausstellung in den R\u00e4umen der Braunschweigischen Landessparkasse in der Filiale Dankwardstra\u00dfe gezeigt.<\/p>\n<p>Die Ausstellung entsteht in Kooperation mit der Stadt Braunschweig und mit gro\u00dfz\u00fcgiger Unterst\u00fctzung der Braunschweigischen Sparkassenstiftung, die sich auch seit vielen Jahren beim Stadtputz engagiert.<\/p>\n<p>&nbsp;<\/p>\n<p>Gef\u00f6rdert durch:<\/p>\n<p>[\/et_pb_text][et_pb_divider _builder_version=&#8220;4.25.0&#8243; _module_preset=&#8220;default&#8220; global_colors_info=&#8220;{}&#8220;][\/et_pb_divider][et_pb_image src=&#8220;https:\/\/www.photomuseum.de\/wp-content\/uploads\/2026\/08\/Foerderer.jpg&#8220; title_text=&#8220;F\u00f6rderer&#8220; _builder_version=&#8220;4.27.7&#8243; _module_preset=&#8220;default&#8220; global_colors_info=&#8220;{}&#8220;][\/et_pb_image][\/et_pb_column][\/et_pb_row][et_pb_row admin_label=&#8220;Abstandhalter&#8220; _builder_version=&#8220;4.27.5&#8243; _module_preset=&#8220;default&#8220; global_colors_info=&#8220;{}&#8220;][et_pb_column type=&#8220;4_4&#8243; _builder_version=&#8220;4.27.5&#8243; _module_preset=&#8220;default&#8220; global_colors_info=&#8220;{}&#8220;][et_pb_text admin_label=&#8220;Abstand 30px&#8220; _builder_version=&#8220;4.27.5&#8243; _module_preset=&#8220;default&#8220; custom_margin=&#8220;30px||||false|false&#8220; global_colors_info=&#8220;{}&#8220;][\/et_pb_text][\/et_pb_column][\/et_pb_row][\/et_pb_section]<\/p>\n","protected":false},"excerpt":{"rendered":"<p>K\u00e4the Buchler heute \u2013 Aus Abfall wird KunstSonderausstellung mit Arbeiten von Kindern und Jugendlichen zum Thema M\u00fcll-Sammeln und Up-CyclenEr\u00f6ffnung 10.09.2026 \/ Braunschweigische Landessparkasse, Filiale Dankwardstra\u00dfeK\u00e4the Buchler, Kinder stehen an, um Glasflaschen abzugeben, 1915 \u00a9 Nachlass\/Estate K\u00e4the Buchler\u00a0\u2013 Sammlung Museum f\u00fcr Photographie Braunschweig \/ Depositum Stadtarchiv Braunschweig\u200bVerspielt, Fotografie von Kindern aus dem Fotoworkshop mit der Schulkindbetreuung [&hellip;]<\/p>\n","protected":false},"author":4,"featured_media":0,"parent":0,"menu_order":0,"comment_status":"closed","ping_status":"closed","template":"","meta":{"_et_pb_use_builder":"on","_et_pb_old_content":"","_et_gb_content_width":"","footnotes":""},"class_list":["post-286711","page","type-page","status-publish","hentry"],"yoast_head":"<!-- This site is optimized with the Yoast SEO plugin v28.1 - https:\/\/yoast.com\/product\/yoast-seo-wordpress\/ -->\n<title>Museum f\u00fcr Photographie Braunschweig - K\u00e4the Buchler heute<\/title>\n<meta name=\"robots\" content=\"index, follow, max-snippet:-1, max-image-preview:large, max-video-preview:-1\" \/>\n<link rel=\"canonical\" href=\"https:\/\/www.photomuseum.de\/index.php\/kaethe-buchler-heute\/\" \/>\n<meta property=\"og:locale\" content=\"de_DE\" \/>\n<meta property=\"og:type\" content=\"article\" \/>\n<meta property=\"og:title\" content=\"Museum f\u00fcr Photographie Braunschweig - K\u00e4the Buchler heute\" \/>\n<meta property=\"og:description\" content=\"K\u00e4the Buchler heute \u2013 Aus Abfall wird KunstSonderausstellung mit Arbeiten von Kindern und Jugendlichen zum Thema M\u00fcll-Sammeln und Up-CyclenEr\u00f6ffnung 10.09.2026 \/ Braunschweigische Landessparkasse, Filiale Dankwardstra\u00dfeK\u00e4the Buchler, Kinder stehen an, um Glasflaschen abzugeben, 1915 \u00a9 Nachlass\/Estate K\u00e4the Buchler\u00a0\u2013 Sammlung Museum f\u00fcr Photographie Braunschweig \/ Depositum Stadtarchiv Braunschweig\u200bVerspielt, Fotografie von Kindern aus dem Fotoworkshop mit der Schulkindbetreuung [&hellip;]\" \/>\n<meta property=\"og:url\" content=\"https:\/\/www.photomuseum.de\/index.php\/kaethe-buchler-heute\/\" \/>\n<meta property=\"og:site_name\" content=\"Museum f\u00fcr Photographie Braunschweig\" \/>\n<meta property=\"article:publisher\" content=\"https:\/\/www.facebook.com\/museumfuerphotographie.bs\" \/>\n<meta property=\"article:modified_time\" content=\"2026-08-18T20:45:04+00:00\" \/>\n<meta name=\"twitter:card\" content=\"summary_large_image\" \/>\n<meta name=\"twitter:label1\" content=\"Gesch\u00e4tzte Lesezeit\" \/>\n\t<meta name=\"twitter:data1\" content=\"4\u00a0Minuten\" \/>\n<script type=\"application\/ld+json\" class=\"yoast-schema-graph\">{\"@context\":\"https:\\\/\\\/schema.org\",\"@graph\":[{\"@type\":\"WebPage\",\"@id\":\"https:\\\/\\\/www.photomuseum.de\\\/index.php\\\/kaethe-buchler-heute\\\/\",\"url\":\"https:\\\/\\\/www.photomuseum.de\\\/index.php\\\/kaethe-buchler-heute\\\/\",\"name\":\"Museum f\u00fcr Photographie Braunschweig - K\u00e4the Buchler heute\",\"isPartOf\":{\"@id\":\"https:\\\/\\\/www.photomuseum.de\\\/#website\"},\"datePublished\":\"2026-06-15T20:54:19+00:00\",\"dateModified\":\"2026-08-18T20:45:04+00:00\",\"breadcrumb\":{\"@id\":\"https:\\\/\\\/www.photomuseum.de\\\/index.php\\\/kaethe-buchler-heute\\\/#breadcrumb\"},\"inLanguage\":\"de\",\"potentialAction\":[{\"@type\":\"ReadAction\",\"target\":[\"https:\\\/\\\/www.photomuseum.de\\\/index.php\\\/kaethe-buchler-heute\\\/\"]}]},{\"@type\":\"BreadcrumbList\",\"@id\":\"https:\\\/\\\/www.photomuseum.de\\\/index.php\\\/kaethe-buchler-heute\\\/#breadcrumb\",\"itemListElement\":[{\"@type\":\"ListItem\",\"position\":1,\"name\":\"Start\",\"item\":\"https:\\\/\\\/www.photomuseum.de\\\/\"},{\"@type\":\"ListItem\",\"position\":2,\"name\":\"K\u00e4the Buchler heute\"}]},{\"@type\":\"WebSite\",\"@id\":\"https:\\\/\\\/www.photomuseum.de\\\/#website\",\"url\":\"https:\\\/\\\/www.photomuseum.de\\\/\",\"name\":\"Museum f\u00fcr Photographie Braunschweig\",\"description\":\"\",\"publisher\":{\"@id\":\"https:\\\/\\\/www.photomuseum.de\\\/#organization\"},\"potentialAction\":[{\"@type\":\"SearchAction\",\"target\":{\"@type\":\"EntryPoint\",\"urlTemplate\":\"https:\\\/\\\/www.photomuseum.de\\\/?s={search_term_string}\"},\"query-input\":{\"@type\":\"PropertyValueSpecification\",\"valueRequired\":true,\"valueName\":\"search_term_string\"}}],\"inLanguage\":\"de\"},{\"@type\":\"Organization\",\"@id\":\"https:\\\/\\\/www.photomuseum.de\\\/#organization\",\"name\":\"Museum f\u00fcr Photographie Braunschweig\",\"url\":\"https:\\\/\\\/www.photomuseum.de\\\/\",\"logo\":{\"@type\":\"ImageObject\",\"inLanguage\":\"de\",\"@id\":\"https:\\\/\\\/www.photomuseum.de\\\/#\\\/schema\\\/logo\\\/image\\\/\",\"url\":\"https:\\\/\\\/www.photomuseum.de\\\/wp-content\\\/uploads\\\/2026\\\/02\\\/Photomuseum-Logo.png\",\"contentUrl\":\"https:\\\/\\\/www.photomuseum.de\\\/wp-content\\\/uploads\\\/2026\\\/02\\\/Photomuseum-Logo.png\",\"width\":2099,\"height\":349,\"caption\":\"Museum f\u00fcr Photographie Braunschweig\"},\"image\":{\"@id\":\"https:\\\/\\\/www.photomuseum.de\\\/#\\\/schema\\\/logo\\\/image\\\/\"},\"sameAs\":[\"https:\\\/\\\/www.facebook.com\\\/museumfuerphotographie.bs\",\"https:\\\/\\\/www.instagram.com\\\/museumfuerphotographie_bs\\\/\"]}]}<\/script>\n<!-- \/ Yoast SEO plugin. -->","yoast_head_json":{"title":"Museum f\u00fcr Photographie Braunschweig - K\u00e4the Buchler heute","robots":{"index":"index","follow":"follow","max-snippet":"max-snippet:-1","max-image-preview":"max-image-preview:large","max-video-preview":"max-video-preview:-1"},"canonical":"https:\/\/www.photomuseum.de\/index.php\/kaethe-buchler-heute\/","og_locale":"de_DE","og_type":"article","og_title":"Museum f\u00fcr Photographie Braunschweig - K\u00e4the Buchler heute","og_description":"K\u00e4the Buchler heute \u2013 Aus Abfall wird KunstSonderausstellung mit Arbeiten von Kindern und Jugendlichen zum Thema M\u00fcll-Sammeln und Up-CyclenEr\u00f6ffnung 10.09.2026 \/ Braunschweigische Landessparkasse, Filiale Dankwardstra\u00dfeK\u00e4the Buchler, Kinder stehen an, um Glasflaschen abzugeben, 1915 \u00a9 Nachlass\/Estate K\u00e4the Buchler\u00a0\u2013 Sammlung Museum f\u00fcr Photographie Braunschweig \/ Depositum Stadtarchiv Braunschweig\u200bVerspielt, Fotografie von Kindern aus dem Fotoworkshop mit der Schulkindbetreuung [&hellip;]","og_url":"https:\/\/www.photomuseum.de\/index.php\/kaethe-buchler-heute\/","og_site_name":"Museum f\u00fcr Photographie Braunschweig","article_publisher":"https:\/\/www.facebook.com\/museumfuerphotographie.bs","article_modified_time":"2026-08-18T20:45:04+00:00","twitter_card":"summary_large_image","twitter_misc":{"Gesch\u00e4tzte Lesezeit":"4\u00a0Minuten"},"schema":{"@context":"https:\/\/schema.org","@graph":[{"@type":"WebPage","@id":"https:\/\/www.photomuseum.de\/index.php\/kaethe-buchler-heute\/","url":"https:\/\/www.photomuseum.de\/index.php\/kaethe-buchler-heute\/","name":"Museum f\u00fcr Photographie Braunschweig - K\u00e4the Buchler heute","isPartOf":{"@id":"https:\/\/www.photomuseum.de\/#website"},"datePublished":"2026-06-15T20:54:19+00:00","dateModified":"2026-08-18T20:45:04+00:00","breadcrumb":{"@id":"https:\/\/www.photomuseum.de\/index.php\/kaethe-buchler-heute\/#breadcrumb"},"inLanguage":"de","potentialAction":[{"@type":"ReadAction","target":["https:\/\/www.photomuseum.de\/index.php\/kaethe-buchler-heute\/"]}]},{"@type":"BreadcrumbList","@id":"https:\/\/www.photomuseum.de\/index.php\/kaethe-buchler-heute\/#breadcrumb","itemListElement":[{"@type":"ListItem","position":1,"name":"Start","item":"https:\/\/www.photomuseum.de\/"},{"@type":"ListItem","position":2,"name":"K\u00e4the Buchler heute"}]},{"@type":"WebSite","@id":"https:\/\/www.photomuseum.de\/#website","url":"https:\/\/www.photomuseum.de\/","name":"Museum f\u00fcr Photographie Braunschweig","description":"","publisher":{"@id":"https:\/\/www.photomuseum.de\/#organization"},"potentialAction":[{"@type":"SearchAction","target":{"@type":"EntryPoint","urlTemplate":"https:\/\/www.photomuseum.de\/?s={search_term_string}"},"query-input":{"@type":"PropertyValueSpecification","valueRequired":true,"valueName":"search_term_string"}}],"inLanguage":"de"},{"@type":"Organization","@id":"https:\/\/www.photomuseum.de\/#organization","name":"Museum f\u00fcr Photographie Braunschweig","url":"https:\/\/www.photomuseum.de\/","logo":{"@type":"ImageObject","inLanguage":"de","@id":"https:\/\/www.photomuseum.de\/#\/schema\/logo\/image\/","url":"https:\/\/www.photomuseum.de\/wp-content\/uploads\/2026\/02\/Photomuseum-Logo.png","contentUrl":"https:\/\/www.photomuseum.de\/wp-content\/uploads\/2026\/02\/Photomuseum-Logo.png","width":2099,"height":349,"caption":"Museum f\u00fcr Photographie Braunschweig"},"image":{"@id":"https:\/\/www.photomuseum.de\/#\/schema\/logo\/image\/"},"sameAs":["https:\/\/www.facebook.com\/museumfuerphotographie.bs","https:\/\/www.instagram.com\/museumfuerphotographie_bs\/"]}]}},"_links":{"self":[{"href":"https:\/\/www.photomuseum.de\/index.php\/wp-json\/wp\/v2\/pages\/286711","targetHints":{"allow":["GET"]}}],"collection":[{"href":"https:\/\/www.photomuseum.de\/index.php\/wp-json\/wp\/v2\/pages"}],"about":[{"href":"https:\/\/www.photomuseum.de\/index.php\/wp-json\/wp\/v2\/types\/page"}],"author":[{"embeddable":true,"href":"https:\/\/www.photomuseum.de\/index.php\/wp-json\/wp\/v2\/users\/4"}],"replies":[{"embeddable":true,"href":"https:\/\/www.photomuseum.de\/index.php\/wp-json\/wp\/v2\/comments?post=286711"}],"version-history":[{"count":15,"href":"https:\/\/www.photomuseum.de\/index.php\/wp-json\/wp\/v2\/pages\/286711\/revisions"}],"predecessor-version":[{"id":288098,"href":"https:\/\/www.photomuseum.de\/index.php\/wp-json\/wp\/v2\/pages\/286711\/revisions\/288098"}],"wp:attachment":[{"href":"https:\/\/www.photomuseum.de\/index.php\/wp-json\/wp\/v2\/media?parent=286711"}],"curies":[{"name":"wp","href":"https:\/\/api.w.org\/{rel}","templated":true}]}}